{"id":31,"date":"2024-12-02T12:05:52","date_gmt":"2024-12-02T11:05:52","guid":{"rendered":"https:\/\/optikpraha.cz\/?page_id=31"},"modified":"2025-08-28T15:00:27","modified_gmt":"2025-08-28T13:00:27","slug":"domu","status":"publish","type":"page","link":"https:\/\/optikpraha.cz\/en\/","title":{"rendered":"Home"},"content":{"rendered":"<div class=\"wp-block-cover alignfull\" style=\"padding-top:var(--wp--preset--spacing--80);padding-right:var(--wp--preset--spacing--40);padding-bottom:var(--wp--preset--spacing--80);padding-left:var(--wp--preset--spacing--40);min-height:1005px;aspect-ratio:unset;\"><span aria-hidden=\"true\" class=\"wp-block-cover__background has-nv-site-bg-background-color has-background-dim-100 has-background-dim\"><\/span><div class=\"wp-block-cover__inner-container is-layout-flow wp-block-cover-is-layout-flow\">\n<div class=\"wp-block-columns are-vertically-aligned-center has-neve-text-color-color has-text-color has-link-color wp-elements-44522555e2738c3e56a76247d0baf0f1 is-layout-flex wp-container-core-columns-is-layout-9d6595d7 wp-block-columns-is-layout-flex\">\n<div class=\"wp-block-column is-vertically-aligned-center is-layout-flow wp-block-column-is-layout-flow\" style=\"padding-top:0;padding-right:0;padding-bottom:0;padding-left:0;flex-basis:50%\"><div class=\"wp-block-image\">\n<figure class=\"aligncenter size-large is-resized has-custom-border\" id=\"br\u00fdle-reserve-optika-lpoptik.jpg\"><img loading=\"lazy\" decoding=\"async\" width=\"724\" height=\"1024\" src=\"https:\/\/optikpraha.cz\/wp-content\/uploads\/2025\/08\/50--724x1024.webp\" alt=\"Sleva na br\u00fdle\" class=\"wp-image-825\" style=\"border-radius:0px;width:529px\" srcset=\"https:\/\/optikpraha.cz\/wp-content\/uploads\/2025\/08\/50--724x1024.webp 724w, https:\/\/optikpraha.cz\/wp-content\/uploads\/2025\/08\/50--212x300.webp 212w, https:\/\/optikpraha.cz\/wp-content\/uploads\/2025\/08\/50--768x1087.webp 768w, https:\/\/optikpraha.cz\/wp-content\/uploads\/2025\/08\/50--1086x1536.webp 1086w, https:\/\/optikpraha.cz\/wp-content\/uploads\/2025\/08\/50--1448x2048.webp 1448w, https:\/\/optikpraha.cz\/wp-content\/uploads\/2025\/08\/50--8x12.webp 8w, https:\/\/optikpraha.cz\/wp-content\/uploads\/2025\/08\/50--scaled.webp 1809w\" sizes=\"auto, (max-width: 724px) 100vw, 724px\" \/><\/figure>\n<\/div><\/div>\n\n\n\n<div class=\"wp-block-column is-vertically-aligned-center ticss-c703b306 animated backInUp is-layout-flow wp-block-column-is-layout-flow\" style=\"padding-top:0;padding-right:0;padding-bottom:0;padding-left:0;flex-basis:50%\">\n<div class=\"wp-block-group\" style=\"border-radius:16px\"><div class=\"wp-block-group__inner-container is-layout-constrained wp-block-group-is-layout-constrained\">\n<div style=\"height:0px\" aria-hidden=\"true\" class=\"wp-block-spacer\"><\/div>\n\n\n\n<p class=\"big-number has-neve-link-hover-color-color has-text-color has-link-color wp-elements-c19af8c2fcce521fd1fa340c9ce8f0a7\" style=\"font-size:220px\"><strong>01<\/strong><\/p>\n\n\n\n<h1 id=\"wp-block-themeisle-blocks-advanced-heading-597e8883\" class=\"wp-block-themeisle-blocks-advanced-heading wp-block-themeisle-blocks-advanced-heading-597e8883\"><strong>About me<\/strong><\/h1>\n\n\n\n<p class=\"has-text-align-left\"><strong>LP Optik<\/strong> je o\u010dn\u00ed optika v Praze s v\u00edce ne\u017e p\u011btiletou tradic\u00ed, kter\u00e1 se specializuje na <strong>eye measurement<\/strong>, <strong>prodej br\u00fdl\u00ed a kontaktn\u00edch \u010do\u010dek<\/strong> a odborn\u00e9 poradenstv\u00ed. D\u00edky stovk\u00e1m spokojen\u00fdch z\u00e1kazn\u00edk\u016f v\u00edme, jak p\u0159ekon\u00e1vat v\u00fdzvy, kter\u00e9 n\u00e1m trh p\u0159in\u00e1\u0161\u00ed, a neust\u00e1le zlep\u0161ovat na\u0161e slu\u017eby. Nab\u00edz\u00edme tak\u00e9 <strong>komplexn\u00ed servis br\u00fdl\u00ed<\/strong>, v\u010detn\u011b oprav, barven\u00ed a profesion\u00e1ln\u00edho p\u0159\u00edstupu ke ka\u017ed\u00e9mu z\u00e1kazn\u00edkovi.<br>Nov\u011b u n\u00e1s m\u016f\u017eete po\u0159\u00eddit <strong>br\u00fdle na spl\u00e1tky <\/strong>, a dop\u0159\u00e1t si tak kvalitu bez kompromis\u016f.<\/p>\n<\/div><\/div>\n<\/div>\n<\/div>\n<\/div><\/div>\n\n\n\n<div class=\"wp-block-cover alignfull has-custom-content-position is-position-top-center has-neve-text-color-color has-text-color has-link-color wp-elements-2bfd60431e6cc6d977cc94057933e10d\" style=\"padding-top:var(--wp--preset--spacing--80);padding-right:var(--wp--preset--spacing--40);padding-bottom:var(--wp--preset--spacing--80);padding-left:var(--wp--preset--spacing--40);min-height:1485px;aspect-ratio:unset;\"><img loading=\"lazy\" decoding=\"async\" width=\"1024\" height=\"685\" class=\"wp-block-cover__image-background wp-image-662 size-large\" alt=\"Modern\u00ed optika a prodej br\u00fdl\u00ed na spl\u00e1tky - Home Credit\" src=\"https:\/\/optikpraha.cz\/wp-content\/uploads\/2025\/06\/OptikaPraha-1024x685.webp\" data-object-fit=\"cover\" srcset=\"https:\/\/optikpraha.cz\/wp-content\/uploads\/2025\/06\/OptikaPraha-1024x685.webp 1024w, https:\/\/optikpraha.cz\/wp-content\/uploads\/2025\/06\/OptikaPraha-300x201.webp 300w, https:\/\/optikpraha.cz\/wp-content\/uploads\/2025\/06\/OptikaPraha-768x514.webp 768w, https:\/\/optikpraha.cz\/wp-content\/uploads\/2025\/06\/OptikaPraha-1536x1028.webp 1536w, https:\/\/optikpraha.cz\/wp-content\/uploads\/2025\/06\/OptikaPraha-2048x1370.webp 2048w, https:\/\/optikpraha.cz\/wp-content\/uploads\/2025\/06\/OptikaPraha-18x12.webp 18w\" sizes=\"auto, (max-width: 1024px) 100vw, 1024px\" \/><span aria-hidden=\"true\" class=\"wp-block-cover__background has-nv-light-bg-background-color has-background-dim\"><\/span><div class=\"wp-block-cover__inner-container is-layout-flow wp-block-cover-is-layout-flow\">\n<div class=\"wp-block-columns is-layout-flex wp-container-core-columns-is-layout-9d6595d7 wp-block-columns-is-layout-flex\">\n<div class=\"wp-block-column is-layout-flow wp-block-column-is-layout-flow\" style=\"flex-basis:100%\">\n<p class=\"has-text-align-center big-number has-neve-link-hover-color-color has-text-color has-link-color wp-elements-d674a24db116b2a27b1a543aed4bd436\" style=\"font-size:220px\"><strong>02<\/strong><\/p>\n\n\n\n<div class=\"wp-block-group is-vertical is-content-justification-center is-layout-flex wp-container-core-group-is-layout-4b2eccd6 wp-block-group-is-layout-flex\">\n<h2 id=\"wp-block-themeisle-blocks-advanced-heading-f81d5291\" class=\"wp-block-themeisle-blocks-advanced-heading wp-block-themeisle-blocks-advanced-heading-f81d5291\"><strong>General services<\/strong><\/h2>\n\n\n\n<div style=\"height:0px\" aria-hidden=\"true\" class=\"wp-block-spacer wp-container-content-f9bd05ee\"><\/div>\n<\/div>\n<\/div>\n<\/div>\n\n\n\n<div class=\"wp-block-columns are-vertically-aligned-top is-layout-flex wp-container-core-columns-is-layout-9d6595d7 wp-block-columns-is-layout-flex\">\n<div class=\"wp-block-column is-vertically-aligned-top is-layout-flow wp-block-column-is-layout-flow\">\n<div class=\"wp-block-group animated backInUp has-nv-light-bg-background-color has-background\" style=\"padding-top:var(--wp--preset--spacing--40);padding-right:var(--wp--preset--spacing--40);padding-bottom:var(--wp--preset--spacing--40);padding-left:var(--wp--preset--spacing--40)\"><div class=\"wp-block-group__inner-container is-layout-constrained wp-container-core-group-is-layout-65a08581 wp-block-group-is-layout-constrained\"><div class=\"wp-block-image\">\n<figure class=\"aligncenter size-full is-resized\" id=\"br\u00fdlekniha.jpg\"><img loading=\"lazy\" decoding=\"async\" width=\"300\" height=\"200\" src=\"https:\/\/optikpraha.cz\/wp-content\/uploads\/2025\/06\/obruba-300x200-1.webp\" alt=\"Stylov\u00e1 br\u00fdlov\u00e1 obruba RESERVE\" class=\"wp-image-756\" style=\"width:301px;height:auto\" srcset=\"https:\/\/optikpraha.cz\/wp-content\/uploads\/2025\/06\/obruba-300x200-1.webp 300w, https:\/\/optikpraha.cz\/wp-content\/uploads\/2025\/06\/obruba-300x200-1-18x12.webp 18w\" sizes=\"auto, (max-width: 300px) 100vw, 300px\" \/><\/figure>\n<\/div>\n\n\n<h2 id=\"wp-block-themeisle-blocks-advanced-heading-0437b042\" class=\"wp-block-themeisle-blocks-advanced-heading wp-block-themeisle-blocks-advanced-heading-0437b042\">Wide selection<\/h2>\n\n\n\n<p class=\"has-text-align-center\">We offer <strong>wide selection of eyeglass frames<\/strong>that combine quality, modern design and comfort. We have a variety of styles to suit every customer, from elegant to sporty models. With our selection of eyewear, everyone will find the right one for them, whether they are looking for something trendy or timeless.<\/p>\n<\/div><\/div>\n<\/div>\n\n\n\n<div class=\"wp-block-column is-vertically-aligned-top is-layout-flow wp-block-column-is-layout-flow\">\n<div class=\"wp-block-group animated backInUp has-nv-light-bg-background-color has-background\" style=\"padding-top:var(--wp--preset--spacing--40);padding-right:var(--wp--preset--spacing--40);padding-bottom:var(--wp--preset--spacing--40);padding-left:var(--wp--preset--spacing--40)\"><div class=\"wp-block-group__inner-container is-layout-constrained wp-container-core-group-is-layout-65a08581 wp-block-group-is-layout-constrained\"><div class=\"wp-block-image\">\n<figure class=\"aligncenter size-full\"><img loading=\"lazy\" decoding=\"async\" width=\"300\" height=\"200\" src=\"https:\/\/optikpraha.cz\/wp-content\/uploads\/2025\/06\/optometrie-300x200-1.webp\" alt=\"Optometrick\u00e1 obruba na m\u011b\u0159en\u00ed zraku \u2013 profesion\u00e1ln\u00ed n\u00e1stroj pro p\u0159esn\u00e9 vy\u0161et\u0159en\u00ed o\u010d\u00ed.\" class=\"wp-image-645\" srcset=\"https:\/\/optikpraha.cz\/wp-content\/uploads\/2025\/06\/optometrie-300x200-1.webp 300w, https:\/\/optikpraha.cz\/wp-content\/uploads\/2025\/06\/optometrie-300x200-1-18x12.webp 18w\" sizes=\"auto, (max-width: 300px) 100vw, 300px\" \/><\/figure>\n<\/div>\n\n\n<h2 id=\"wp-block-themeisle-blocks-advanced-heading-f99882bd\" class=\"wp-block-themeisle-blocks-advanced-heading wp-block-themeisle-blocks-advanced-heading-f99882bd\"><a href=\"https:\/\/optikpraha.cz\/en\/rezervace-mereni-zraku\/\">Eye exams<\/a><\/h2>\n\n\n\n<p class=\"has-text-align-center translation-block\">Eye exams involve various tests and techniques to determine the ideal visual comfort for your eyes. Under the supervision of our expert, Bc. Lucie Lorencov\u00e1, who is fluent in English, we'll focus on ensuring perfect vision for every day. We'll help you find the ideal solution and ensure your eyes have maximum comfort.<\/p>\n<\/div><\/div>\n<\/div>\n\n\n\n<div class=\"wp-block-column is-vertically-aligned-top is-layout-flow wp-block-column-is-layout-flow\">\n<div class=\"wp-block-group animated backInUp has-nv-light-bg-background-color has-background\" style=\"padding-top:var(--wp--preset--spacing--40);padding-right:var(--wp--preset--spacing--40);padding-bottom:var(--wp--preset--spacing--40);padding-left:var(--wp--preset--spacing--40)\"><div class=\"wp-block-group__inner-container is-layout-constrained wp-container-core-group-is-layout-65a08581 wp-block-group-is-layout-constrained\"><div class=\"wp-block-image\">\n<figure class=\"aligncenter size-full\"><img loading=\"lazy\" decoding=\"async\" width=\"300\" height=\"200\" src=\"https:\/\/optikpraha.cz\/wp-content\/uploads\/2025\/06\/DSC03088-Edit-300x200-1.webp\" alt=\"Br\u00fdle s modr\u00fdm filtrem vedle po\u010d\u00edta\u010de \u2013 ochrana zraku p\u0159ed modr\u00fdm sv\u011btlem.\" class=\"wp-image-646\" srcset=\"https:\/\/optikpraha.cz\/wp-content\/uploads\/2025\/06\/DSC03088-Edit-300x200-1.webp 300w, https:\/\/optikpraha.cz\/wp-content\/uploads\/2025\/06\/DSC03088-Edit-300x200-1-18x12.webp 18w\" sizes=\"auto, (max-width: 300px) 100vw, 300px\" \/><\/figure>\n<\/div>\n\n\n<h2 id=\"wp-block-themeisle-blocks-advanced-heading-fa906ea2\" class=\"wp-block-themeisle-blocks-advanced-heading wp-block-themeisle-blocks-advanced-heading-fa906ea2\">Individual approach<\/h2>\n\n\n\n<p class=\"has-text-align-center\">Every customer is unique to us. We understand that we make mistakes too, but we always try to resolve them quickly and to your satisfaction. If you have any problem, we are happy to help you find the best solution. Our goal is for you to always leave us satisfied and with <strong>smile<\/strong>.<\/p>\n<\/div><\/div>\n<\/div>\n<\/div>\n\n\n\n<h2 id=\"wp-block-themeisle-blocks-advanced-heading-19858061\" class=\"wp-block-themeisle-blocks-advanced-heading wp-block-themeisle-blocks-advanced-heading-19858061\"><strong>Branches<\/strong><\/h2>\n\n\n\n<div style=\"height:20px\" aria-hidden=\"true\" class=\"wp-block-spacer\"><\/div>\n\n\n\n<div id=\"wp-block-themeisle-blocks-advanced-columns-8a1a498e\" class=\"wp-block-themeisle-blocks-advanced-columns has-2-columns has-desktop-equal-layout has-tablet-equal-layout has-mobile-collapsedRows-layout has-vertical-unset\"><div class=\"wp-block-themeisle-blocks-advanced-columns-overlay\"><\/div><div class=\"innerblocks-wrap\">\n<div id=\"wp-block-themeisle-blocks-advanced-column-4d3105d0\" class=\"wp-block-themeisle-blocks-advanced-column\">\n<p id=\"wp-block-themeisle-blocks-advanced-heading-48f9dd21\" class=\"wp-block-themeisle-blocks-advanced-heading wp-block-themeisle-blocks-advanced-heading-48f9dd21\"><strong>Rumunsk\u00e1 22\/28 Praha 2 Mo-Th 10-18 \/ Fr 10-14<\/strong><\/p>\n<\/div>\n\n\n\n<div id=\"wp-block-themeisle-blocks-advanced-column-cece2ed6\" class=\"wp-block-themeisle-blocks-advanced-column\">\n<p id=\"wp-block-themeisle-blocks-advanced-heading-dd121bf3\" class=\"wp-block-themeisle-blocks-advanced-heading wp-block-themeisle-blocks-advanced-heading-dd121bf3\"><strong>Nuselsk\u00e1 296\/3 Praha 4 Mo-Tu-Th 10-18 \/ We 9-19<\/strong><\/p>\n<\/div>\n<\/div><\/div>\n\n\n\n<div id=\"wp-block-themeisle-blocks-advanced-columns-54b2926b\" class=\"wp-block-themeisle-blocks-advanced-columns has-2-columns has-desktop-equal-layout has-tablet-equal-layout has-mobile-collapsedRows-layout has-vertical-unset\"><div class=\"wp-block-themeisle-blocks-advanced-columns-overlay\"><\/div><div class=\"innerblocks-wrap\">\n<div id=\"wp-block-themeisle-blocks-advanced-column-d5d03fa4\" class=\"wp-block-themeisle-blocks-advanced-column\">\n<div id=\"wp-block-themeisle-blocks-button-group-7acbfbbf\" class=\"wp-block-themeisle-blocks-button-group wp-block-buttons align-center-desktop\">\n<div id=\"wp-block-themeisle-blocks-button-d5d43b0b\" class=\"wp-block-themeisle-blocks-button wp-block-button\"><a href=\"https:\/\/www.google.com\/maps\/dir\/?api=1&amp;destination=50.0751815,14.4337797\" target=\"_self\" rel=\"noopener noreferrer\" class=\"wp-block-button__link\"><span>Navigation to <\/span><\/a><\/div>\n<\/div>\n<\/div>\n\n\n\n<div id=\"wp-block-themeisle-blocks-advanced-column-0d84fcd7\" class=\"wp-block-themeisle-blocks-advanced-column\">\n<div id=\"wp-block-themeisle-blocks-button-group-44192103\" class=\"wp-block-themeisle-blocks-button-group wp-block-buttons align-center-desktop\">\n<div id=\"wp-block-themeisle-blocks-button-4bfe5099\" class=\"wp-block-themeisle-blocks-button wp-block-button o-typing-delay-2s\"><a href=\"https:\/\/www.google.com\/maps\/dir\/?api=1&amp;destination=50.0638689,14.4420797\" target=\"_self\" rel=\"noopener noreferrer\" class=\"wp-block-button__link\"><span>Navigation to<\/span><\/a><\/div>\n<\/div>\n<\/div>\n<\/div><\/div>\n\n\n\n<div style=\"height:43px\" aria-hidden=\"true\" class=\"wp-block-spacer\"><\/div>\n\n\n\n<div id=\"wp-block-themeisle-blocks-advanced-columns-559f4fca\" class=\"wp-block-themeisle-blocks-advanced-columns has-4-columns has-desktop-equal-layout has-tablet-equal-layout has-mobile-collapsedRows-layout has-vertical-unset\"><div class=\"wp-block-themeisle-blocks-advanced-columns-overlay\"><\/div><div class=\"innerblocks-wrap\">\n<div id=\"wp-block-themeisle-blocks-advanced-column-a06cb89e\" class=\"wp-block-themeisle-blocks-advanced-column animated backInUp\"><div class=\"wp-block-image\">\n<figure class=\"aligncenter size-full is-resized\"><img loading=\"lazy\" decoding=\"async\" width=\"600\" height=\"170\" src=\"https:\/\/optikpraha.cz\/wp-content\/uploads\/2025\/06\/pluxee.webp\" alt=\"Pluxee logo - platebn\u00ed metoda pro rychl\u00e9 a snadn\u00e9 platby online\" class=\"wp-image-719\" style=\"width:140px;height:auto\" srcset=\"https:\/\/optikpraha.cz\/wp-content\/uploads\/2025\/06\/pluxee.webp 600w, https:\/\/optikpraha.cz\/wp-content\/uploads\/2025\/06\/pluxee-300x85.webp 300w, https:\/\/optikpraha.cz\/wp-content\/uploads\/2025\/06\/pluxee-18x5.webp 18w\" sizes=\"auto, (max-width: 600px) 100vw, 600px\" \/><\/figure>\n<\/div><\/div>\n\n\n\n<div id=\"wp-block-themeisle-blocks-advanced-column-fe23088b\" class=\"wp-block-themeisle-blocks-advanced-column animated backInUp\"><div class=\"wp-block-image\">\n<figure class=\"aligncenter size-full is-resized\"><img loading=\"lazy\" decoding=\"async\" width=\"300\" height=\"97\" src=\"https:\/\/optikpraha.cz\/wp-content\/uploads\/2025\/06\/benefity_logo-300x97-1.webp\" alt=\"Benefity.cz logo - platforma pro spr\u00e1vu zam\u011bstnaneck\u00fdch benefit\u016f\" class=\"wp-image-718\" style=\"width:147px;height:auto\" srcset=\"https:\/\/optikpraha.cz\/wp-content\/uploads\/2025\/06\/benefity_logo-300x97-1.webp 300w, https:\/\/optikpraha.cz\/wp-content\/uploads\/2025\/06\/benefity_logo-300x97-1-18x6.webp 18w\" sizes=\"auto, (max-width: 300px) 100vw, 300px\" \/><\/figure>\n<\/div><\/div>\n\n\n\n<div id=\"wp-block-themeisle-blocks-advanced-column-c1ce7253\" class=\"wp-block-themeisle-blocks-advanced-column animated backInUp\"><div class=\"wp-block-image\">\n<figure class=\"aligncenter size-full is-resized\"><img loading=\"lazy\" decoding=\"async\" width=\"300\" height=\"270\" src=\"https:\/\/optikpraha.cz\/wp-content\/uploads\/2025\/06\/pngegg-300x270-1.webp\" alt=\"Visa logo\/ mastercard logo\" class=\"wp-image-732\" style=\"width:79px;height:auto\" srcset=\"https:\/\/optikpraha.cz\/wp-content\/uploads\/2025\/06\/pngegg-300x270-1.webp 300w, https:\/\/optikpraha.cz\/wp-content\/uploads\/2025\/06\/pngegg-300x270-1-13x12.webp 13w\" sizes=\"auto, (max-width: 300px) 100vw, 300px\" \/><\/figure>\n<\/div><\/div>\n\n\n\n<div id=\"wp-block-themeisle-blocks-advanced-column-fd72c1da\" class=\"wp-block-themeisle-blocks-advanced-column animated backInUp\"><div class=\"wp-block-image\">\n<figure class=\"aligncenter size-large is-resized\"><img loading=\"lazy\" decoding=\"async\" width=\"1024\" height=\"1024\" src=\"https:\/\/optikpraha.cz\/wp-content\/uploads\/2025\/04\/Logo_Benefit_Plus_barevne-1024x1024.webp\" alt=\"Benefit Plus karta - platebn\u00ed \u0159e\u0161en\u00ed pro zam\u011bstnaneck\u00e9 benefity\" class=\"wp-image-490\" style=\"width:125px;height:auto\" srcset=\"https:\/\/optikpraha.cz\/wp-content\/uploads\/2025\/04\/Logo_Benefit_Plus_barevne-1024x1024.webp 1024w, https:\/\/optikpraha.cz\/wp-content\/uploads\/2025\/04\/Logo_Benefit_Plus_barevne-300x300.webp 300w, https:\/\/optikpraha.cz\/wp-content\/uploads\/2025\/04\/Logo_Benefit_Plus_barevne-150x150.webp 150w, https:\/\/optikpraha.cz\/wp-content\/uploads\/2025\/04\/Logo_Benefit_Plus_barevne-768x767.webp 768w, https:\/\/optikpraha.cz\/wp-content\/uploads\/2025\/04\/Logo_Benefit_Plus_barevne-1536x1534.webp 1536w, https:\/\/optikpraha.cz\/wp-content\/uploads\/2025\/04\/Logo_Benefit_Plus_barevne-2048x2045.webp 2048w, https:\/\/optikpraha.cz\/wp-content\/uploads\/2025\/04\/Logo_Benefit_Plus_barevne-12x12.webp 12w\" sizes=\"auto, (max-width: 1024px) 100vw, 1024px\" \/><\/figure>\n<\/div><\/div>\n<\/div><\/div>\n<\/div><\/div>\n\n\n\n<p><\/p>","protected":false},"excerpt":{"rendered":"","protected":false},"author":1,"featured_media":0,"parent":0,"menu_order":0,"comment_status":"closed","ping_status":"closed","template":"","meta":{"neve_meta_sidebar":"","neve_meta_container":"","neve_meta_enable_content_width":"on","neve_meta_content_width":100,"neve_meta_title_alignment":"","neve_meta_author_avatar":"","neve_post_elements_order":"","neve_meta_disable_header":"","neve_meta_disable_footer":"","neve_meta_disable_title":"on","_themeisle_gutenberg_block_has_review":false,"footnotes":""},"class_list":["post-31","page","type-page","status-publish","hentry"],"_links":{"self":[{"href":"https:\/\/optikpraha.cz\/en\/wp-json\/wp\/v2\/pages\/31","targetHints":{"allow":["GET"]}}],"collection":[{"href":"https:\/\/optikpraha.cz\/en\/wp-json\/wp\/v2\/pages"}],"about":[{"href":"https:\/\/optikpraha.cz\/en\/wp-json\/wp\/v2\/types\/page"}],"author":[{"embeddable":true,"href":"https:\/\/optikpraha.cz\/en\/wp-json\/wp\/v2\/users\/1"}],"replies":[{"embeddable":true,"href":"https:\/\/optikpraha.cz\/en\/wp-json\/wp\/v2\/comments?post=31"}],"version-history":[{"count":136,"href":"https:\/\/optikpraha.cz\/en\/wp-json\/wp\/v2\/pages\/31\/revisions"}],"predecessor-version":[{"id":829,"href":"https:\/\/optikpraha.cz\/en\/wp-json\/wp\/v2\/pages\/31\/revisions\/829"}],"wp:attachment":[{"href":"https:\/\/optikpraha.cz\/en\/wp-json\/wp\/v2\/media?parent=31"}],"curies":[{"name":"wp","href":"https:\/\/api.w.org\/{rel}","templated":true}]}}