{"id":256,"date":"2025-01-28T17:26:23","date_gmt":"2025-01-28T16:26:23","guid":{"rendered":"https:\/\/optikpraha.cz\/?page_id=256"},"modified":"2025-06-10T13:02:08","modified_gmt":"2025-06-10T11:02:08","slug":"blog","status":"publish","type":"page","link":"https:\/\/optikpraha.cz\/en\/blog\/","title":{"rendered":"Blog"},"content":{"rendered":"<div class=\"wp-block-media-text is-stacked-on-mobile\" style=\"grid-template-columns:15% auto\"><figure class=\"wp-block-media-text__media\"><img loading=\"lazy\" decoding=\"async\" width=\"512\" height=\"512\" src=\"https:\/\/optikpraha.cz\/wp-content\/uploads\/2025\/01\/output.png\" alt=\"\" class=\"wp-image-312 size-full\" srcset=\"https:\/\/optikpraha.cz\/wp-content\/uploads\/2025\/01\/output.png 512w, https:\/\/optikpraha.cz\/wp-content\/uploads\/2025\/01\/output-300x300.png 300w, https:\/\/optikpraha.cz\/wp-content\/uploads\/2025\/01\/output-150x150.png 150w\" sizes=\"auto, (max-width: 512px) 100vw, 512px\" \/><\/figure><div class=\"wp-block-media-text__content\">\n<p><strong><a href=\"https:\/\/optikpraha.cz\/en\/rozdily-v-mereni-zraku-optometrista-vs-oftalmolog\/\" data-type=\"page\" data-id=\"269\">Optometrist vs. Ophthalmologist: What's the Difference?<\/a><\/strong><\/p>\n<\/div><\/div>\n\n\n\n<div class=\"wp-block-media-text is-stacked-on-mobile\" style=\"grid-template-columns:15% auto\"><figure class=\"wp-block-media-text__media\"><img loading=\"lazy\" decoding=\"async\" width=\"512\" height=\"512\" src=\"https:\/\/optikpraha.cz\/wp-content\/uploads\/2025\/02\/Navrh-bez-nazvu.avif\" alt=\"\" class=\"wp-image-389 size-full\" srcset=\"https:\/\/optikpraha.cz\/wp-content\/uploads\/2025\/02\/Navrh-bez-nazvu.avif 512w, https:\/\/optikpraha.cz\/wp-content\/uploads\/2025\/02\/Navrh-bez-nazvu-300x300.jpg 300w, https:\/\/optikpraha.cz\/wp-content\/uploads\/2025\/02\/Navrh-bez-nazvu-150x150.jpg 150w\" sizes=\"auto, (max-width: 512px) 100vw, 512px\" \/><\/figure><div class=\"wp-block-media-text__content\">\n<p><a href=\"https:\/\/optikpraha.cz\/en\/tvary-obliceje-a-bryle-klic-k-harmonickemu-vzhledu\/\"><strong>Face Shapes and Glasses: The Key to a Harmonious Look<\/strong><\/a><\/p>\n<\/div><\/div>\n\n\n\n<div class=\"wp-block-media-text is-stacked-on-mobile\" style=\"grid-template-columns:15% auto\"><figure class=\"wp-block-media-text__media\"><img loading=\"lazy\" decoding=\"async\" width=\"512\" height=\"512\" src=\"https:\/\/optikpraha.cz\/wp-content\/uploads\/2025\/02\/image.webp\" alt=\"\u017dena s br\u00fdlemi sed\u00ed u stolu a \u010dte knihu, Astigmatismus,rozmazane vid\u011bn\u00ed, korekce\" class=\"wp-image-405 size-full\" srcset=\"https:\/\/optikpraha.cz\/wp-content\/uploads\/2025\/02\/image.webp 512w, https:\/\/optikpraha.cz\/wp-content\/uploads\/2025\/02\/image-300x300.webp 300w, https:\/\/optikpraha.cz\/wp-content\/uploads\/2025\/02\/image-150x150.webp 150w\" sizes=\"auto, (max-width: 512px) 100vw, 512px\" \/><\/figure><div class=\"wp-block-media-text__content\">\n<p><a href=\"https:\/\/optikpraha.cz\/en\/cteni-s-brylemiastigmatismus-co-to-je-a-jak-se-s-nim-zijecteni-s-brylemi\/\"><strong>Astigmatism: What it is and how to live with it<\/strong><\/a><\/p>\n<\/div><\/div>\n\n\n\n<div class=\"wp-block-media-text is-stacked-on-mobile\" style=\"grid-template-columns:15% auto\"><figure class=\"wp-block-media-text__media\"><img loading=\"lazy\" decoding=\"async\" width=\"512\" height=\"512\" src=\"https:\/\/optikpraha.cz\/wp-content\/uploads\/2025\/02\/images-1.webp\" alt=\"Nej\u010dast\u011bj\u0161\u00ed o\u010dn\u00ed nemoci: P\u0159\u00ed\u010diny, p\u0159\u00edznaky a l\u00e9\u010dba\" class=\"wp-image-425 size-full\" srcset=\"https:\/\/optikpraha.cz\/wp-content\/uploads\/2025\/02\/images-1.webp 512w, https:\/\/optikpraha.cz\/wp-content\/uploads\/2025\/02\/images-1-300x300.webp 300w, https:\/\/optikpraha.cz\/wp-content\/uploads\/2025\/02\/images-1-150x150.webp 150w, https:\/\/optikpraha.cz\/wp-content\/uploads\/2025\/02\/images-1-12x12.webp 12w\" sizes=\"auto, (max-width: 512px) 100vw, 512px\" \/><\/figure><div class=\"wp-block-media-text__content\">\n<p><a href=\"https:\/\/optikpraha.cz\/en\/ocni-onemocneni-na-ktere-byste-si-meli-davat-pozor\/\">Eye diseases you should watch out for<\/a><\/p>\n<\/div><\/div>\n\n\n\n<div class=\"wp-block-media-text is-stacked-on-mobile\" style=\"grid-template-columns:15% auto\"><figure class=\"wp-block-media-text__media\"><img loading=\"lazy\" decoding=\"async\" width=\"512\" height=\"512\" src=\"https:\/\/optikpraha.cz\/wp-content\/uploads\/2025\/03\/x.webp\" alt=\"\u017dena v bikin\u00e1ch se slune\u010dn\u00edmi br\u00fdlemi na tropick\u00e9 pl\u00e1\u017ei, chr\u00e1n\u00edc\u00ed o\u010di p\u0159ed sluncem\" class=\"wp-image-450 size-full\" srcset=\"https:\/\/optikpraha.cz\/wp-content\/uploads\/2025\/03\/x.webp 512w, https:\/\/optikpraha.cz\/wp-content\/uploads\/2025\/03\/x-300x300.webp 300w, https:\/\/optikpraha.cz\/wp-content\/uploads\/2025\/03\/x-150x150.webp 150w, https:\/\/optikpraha.cz\/wp-content\/uploads\/2025\/03\/x-12x12.webp 12w\" sizes=\"auto, (max-width: 512px) 100vw, 512px\" \/><\/figure><div class=\"wp-block-media-text__content\">\n<p><a href=\"https:\/\/optikpraha.cz\/en\/jak-vybrat-spravne-slunecni-bryle-pro-ochranu-oci-pruvodce-pro-kazdeho\/\">How to Choose the Right Sunglasses for Eye Protection: A Guide for Everyone<\/a><\/p>\n<\/div><\/div>\n\n\n\n<div class=\"wp-block-media-text is-stacked-on-mobile\" style=\"grid-template-columns:15% auto\"><figure class=\"wp-block-media-text__media\"><img loading=\"lazy\" decoding=\"async\" width=\"512\" height=\"512\" src=\"https:\/\/optikpraha.cz\/wp-content\/uploads\/2025\/03\/dadada.webp\" alt=\" Dvoje kulat\u00e9 br\u00fdlov\u00e9 obruby z transparentn\u00edho materi\u00e1lu s \u010dern\u00fdmi detaily, polo\u017een\u00e9 na b\u00edl\u00e9m podkladu\" class=\"wp-image-459 size-full\" srcset=\"https:\/\/optikpraha.cz\/wp-content\/uploads\/2025\/03\/dadada.webp 512w, https:\/\/optikpraha.cz\/wp-content\/uploads\/2025\/03\/dadada-300x300.webp 300w, https:\/\/optikpraha.cz\/wp-content\/uploads\/2025\/03\/dadada-150x150.webp 150w, https:\/\/optikpraha.cz\/wp-content\/uploads\/2025\/03\/dadada-12x12.webp 12w\" sizes=\"auto, (max-width: 512px) 100vw, 512px\" \/><\/figure><div class=\"wp-block-media-text__content\">\n<p><a href=\"https:\/\/optikpraha.cz\/en\/jake-materialy-se-pouzivaji-pri-vyrobe-brylovych-obrub-a-jake-jsou-mezi-nimi-rozdily\/\">Jak\u00e9 materi\u00e1ly se pou\u017e\u00edvaj\u00ed p\u0159i v\u00fdrob\u011b br\u00fdlov\u00fdch obrub a jak\u00e9 jsou mezi nimi rozd\u00edly?<\/a><\/p>\n<\/div><\/div>\n\n\n\n<div class=\"wp-block-media-text is-stacked-on-mobile\" style=\"grid-template-columns:15% auto\"><figure class=\"wp-block-media-text__media\"><img loading=\"lazy\" decoding=\"async\" width=\"512\" height=\"512\" src=\"https:\/\/optikpraha.cz\/wp-content\/uploads\/2025\/03\/Mereni-zraku.webp\" alt=\"Zku\u0161ebn\u00ed br\u00fdle a sada zku\u0161ebn\u00edch skel pro m\u011b\u0159en\u00ed zraku\" class=\"wp-image-485 size-full\" srcset=\"https:\/\/optikpraha.cz\/wp-content\/uploads\/2025\/03\/Mereni-zraku.webp 512w, https:\/\/optikpraha.cz\/wp-content\/uploads\/2025\/03\/Mereni-zraku-300x300.webp 300w, https:\/\/optikpraha.cz\/wp-content\/uploads\/2025\/03\/Mereni-zraku-150x150.webp 150w, https:\/\/optikpraha.cz\/wp-content\/uploads\/2025\/03\/Mereni-zraku-12x12.webp 12w\" sizes=\"auto, (max-width: 512px) 100vw, 512px\" \/><\/figure><div class=\"wp-block-media-text__content\">\n<p><a href=\"https:\/\/optikpraha.cz\/en\/jak-probiha-mereni-zraku-u-optika-od-autorefraktokeratometru-po-polarizacni-testy\/\">Jak prob\u00edh\u00e1 m\u011b\u0159en\u00ed zraku u optika<\/a><\/p>\n<\/div><\/div>\n\n\n\n<div class=\"wp-block-media-text is-stacked-on-mobile\" style=\"grid-template-columns:15% auto\"><figure class=\"wp-block-media-text__media\"><img loading=\"lazy\" decoding=\"async\" width=\"512\" height=\"512\" src=\"https:\/\/optikpraha.cz\/wp-content\/uploads\/2025\/04\/Gemini_Generated_Image_6aw67v6aw67v6aw6.webp\" alt=\"\u010ci\u0161t\u011bn\u00ed br\u00fdl\u00ed mikrovl\u00e1knem a sprejem pro dlouhou \u017eivotnost.\" class=\"wp-image-515 size-full\" srcset=\"https:\/\/optikpraha.cz\/wp-content\/uploads\/2025\/04\/Gemini_Generated_Image_6aw67v6aw67v6aw6.webp 512w, https:\/\/optikpraha.cz\/wp-content\/uploads\/2025\/04\/Gemini_Generated_Image_6aw67v6aw67v6aw6-300x300.webp 300w, https:\/\/optikpraha.cz\/wp-content\/uploads\/2025\/04\/Gemini_Generated_Image_6aw67v6aw67v6aw6-150x150.webp 150w, https:\/\/optikpraha.cz\/wp-content\/uploads\/2025\/04\/Gemini_Generated_Image_6aw67v6aw67v6aw6-12x12.webp 12w\" sizes=\"auto, (max-width: 512px) 100vw, 512px\" \/><\/figure><div class=\"wp-block-media-text__content\">\n<p><a href=\"https:\/\/optikpraha.cz\/en\/vase-bryle-si-zaslouzi-peci-jak-prodlouzit-jejich-zivotnost-a-udrzet-dokonaly-vyhled\/?preview_id=511&amp;preview_nonce=3880fed09f&amp;preview=true\">Va\u0161e br\u00fdle si zaslou\u017e\u00ed p\u00e9\u010di! Jak prodlou\u017eit jejich \u017eivotnost a udr\u017eet dokonal\u00fd v\u00fdhled<\/a><\/p>\n<\/div><\/div>\n\n\n\n<div class=\"wp-block-media-text is-stacked-on-mobile\" style=\"grid-template-columns:15% auto\"><figure class=\"wp-block-media-text__media\"><img loading=\"lazy\" decoding=\"async\" width=\"512\" height=\"512\" src=\"https:\/\/optikpraha.cz\/wp-content\/uploads\/2025\/06\/OptometriePraha.webp\" alt=\"Optrometrie x Kontrola zraku\" class=\"wp-image-676 size-full\" srcset=\"https:\/\/optikpraha.cz\/wp-content\/uploads\/2025\/06\/OptometriePraha.webp 512w, https:\/\/optikpraha.cz\/wp-content\/uploads\/2025\/06\/OptometriePraha-300x300.webp 300w, https:\/\/optikpraha.cz\/wp-content\/uploads\/2025\/06\/OptometriePraha-150x150.webp 150w, https:\/\/optikpraha.cz\/wp-content\/uploads\/2025\/06\/OptometriePraha-12x12.webp 12w\" sizes=\"auto, (max-width: 512px) 100vw, 512px\" \/><\/figure><div class=\"wp-block-media-text__content\">\n<p><a href=\"https:\/\/optikpraha.cz\/en\/mereni-zraku-x-kontrola-zraku\/\" data-type=\"link\" data-id=\"https:\/\/optikpraha.cz\/mereni-zraku-x-kontrola-zraku\/\">M\u011b\u0159en\u00ed zraku x kontrola zraku<\/a><\/p>\n<\/div><\/div>\n\n\n\n<p><\/p>","protected":false},"excerpt":{"rendered":"<p>Rozd\u00edly v m\u011b\u0159en\u00ed zraku: Optometrista vs. Oftalmolog Tvary obli\u010deje a br\u00fdle, kl\u00ed\u010d k harmonick\u00e9mu vzhledu Astigmatismus: Co to je a jak se s n\u00edm \u017eije? O\u010dn\u00ed onemocn\u011bn\u00ed, na kter\u00e9 byste si m\u011bli d\u00e1vat pozor Jak vybrat spr\u00e1vn\u00e9 slune\u010dn\u00ed br\u00fdle pro ochranu o\u010d\u00ed: Pr\u016fvodce pro ka\u017ed\u00e9ho Jak\u00e9 materi\u00e1ly se pou\u017e\u00edvaj\u00ed p\u0159i v\u00fdrob\u011b br\u00fdlov\u00fdch obrub a jak\u00e9&hellip;&nbsp;<a href=\"https:\/\/optikpraha.cz\/en\/blog\/\" rel=\"bookmark\">Read More &raquo;<span class=\"screen-reader-text\">Blog<\/span><\/a><\/p>","protected":false},"author":1,"featured_media":0,"parent":0,"menu_order":0,"comment_status":"closed","ping_status":"closed","template":"","meta":{"neve_meta_sidebar":"","neve_meta_container":"","neve_meta_enable_content_width":"","neve_meta_content_width":0,"neve_meta_title_alignment":"","neve_meta_author_avatar":"","neve_post_elements_order":"","neve_meta_disable_header":"","neve_meta_disable_footer":"","neve_meta_disable_title":"","_themeisle_gutenberg_block_has_review":false,"footnotes":""},"class_list":["post-256","page","type-page","status-publish","hentry"],"_links":{"self":[{"href":"https:\/\/optikpraha.cz\/en\/wp-json\/wp\/v2\/pages\/256","targetHints":{"allow":["GET"]}}],"collection":[{"href":"https:\/\/optikpraha.cz\/en\/wp-json\/wp\/v2\/pages"}],"about":[{"href":"https:\/\/optikpraha.cz\/en\/wp-json\/wp\/v2\/types\/page"}],"author":[{"embeddable":true,"href":"https:\/\/optikpraha.cz\/en\/wp-json\/wp\/v2\/users\/1"}],"replies":[{"embeddable":true,"href":"https:\/\/optikpraha.cz\/en\/wp-json\/wp\/v2\/comments?post=256"}],"version-history":[{"count":21,"href":"https:\/\/optikpraha.cz\/en\/wp-json\/wp\/v2\/pages\/256\/revisions"}],"predecessor-version":[{"id":679,"href":"https:\/\/optikpraha.cz\/en\/wp-json\/wp\/v2\/pages\/256\/revisions\/679"}],"wp:attachment":[{"href":"https:\/\/optikpraha.cz\/en\/wp-json\/wp\/v2\/media?parent=256"}],"curies":[{"name":"wp","href":"https:\/\/api.w.org\/{rel}","templated":true}]}}